{"id":10262,"date":"2021-08-27T15:49:32","date_gmt":"2021-08-27T12:49:32","guid":{"rendered":"https:\/\/www.duunauspalvelutjarvi.fi\/?post_type=product&#038;p=10262"},"modified":"2024-03-22T21:45:55","modified_gmt":"2024-03-22T19:45:55","slug":"lisavaloteline-saadettava-eu","status":"publish","type":"product","link":"https:\/\/www.duunauspalvelutjarvi.fi\/?product=lisavaloteline-saadettava-eu","title":{"rendered":"Lis\u00e4valoteline s\u00e4\u00e4dett\u00e4v\u00e4 EU"},"content":{"rendered":"<div class=\"row\">\n<div class=\"col-12 col-lg-10\">\n<div class=\"ProductPageContent__description\">\n<div class=\"WysiwygContent\">\n<p><strong>S\u00e4\u00e4dett\u00e4v\u00e4 lis\u00e4valoteline<\/strong>\u00a0on erinomainen vaihtoehto lis\u00e4valopaneelin asennukseen. J\u00e4m\u00e4k\u00e4ss\u00e4 telineess\u00e4 mukana s\u00e4\u00e4t\u00f6palat, joilla voidaan asentaa noin 51-56,5cm mittainen paneelivalo p\u00e4\u00e4dyist\u00e4 kiinni. Telineeseen on my\u00f6s mahdollista asentaa lis\u00e4valopaneeli alapuolelta kiinni, mik\u00e4li ei k\u00e4yt\u00e4 mukana tulevia jatkopaloja. T\u00e4ll\u00f6in ulompien reikien v\u00e4linen kiinnitysv\u00e4li noin 48cm ja sisempien noin 44cm.<\/p>\n<p>Sis\u00e4lt\u00e4\u00e4 yhden telineen, s\u00e4\u00e4t\u00f6palat (2kpl), telineen kiinnitysruuvit (10kpl) sek\u00e4 s\u00e4\u00e4t\u00f6palojen kiinnitystarvikkeet: pultit (4kpl), prikat (4kpl), mutterit (4kpl).<\/p>\n<\/div>\n<\/div>\n<\/div>\n<div class=\"ProductPageContent__description-details col-sm-12 col-lg-2\">\n<div>\n<h6>Lis\u00e4tiedot<\/h6>\n<div>\n<div class=\"ProductExtraInfo ProductExtraInfo--short-list ProductExtraInfo--single-column\">\n<ul class=\"inline-dot\">\n<li>Tuotekoodi:\u00a08020103802<\/li>\n<li>V\u00e4ri:\u00a0Musta<\/li>\n<\/ul>\n<\/div>\n<\/div>\n<\/div>\n<\/div>\n<\/div>\n<div class=\"row\"><\/div>\n","protected":false},"excerpt":{"rendered":"<p>S\u00e4\u00e4dett\u00e4v\u00e4 lis\u00e4valoteline\u00a0on erinomainen vaihtoehto lis\u00e4valopaneelin asennukseen. J\u00e4m\u00e4k\u00e4ss\u00e4 telineess\u00e4 mukana s\u00e4\u00e4t\u00f6palat, joilla voidaan asentaa noin 51-56,5cm mittainen paneelivalo p\u00e4\u00e4dyist\u00e4 kiinni. Telineeseen on my\u00f6s mahdollista asentaa lis\u00e4valopaneeli alapuolelta kiinni, mik\u00e4li ei k\u00e4yt\u00e4 mukana tulevia jatkopaloja. T\u00e4ll\u00f6in ulompien reikien v\u00e4linen kiinnitysv\u00e4li noin 48cm ja sisempien noin 44cm. Sis\u00e4lt\u00e4\u00e4 yhden telineen, s\u00e4\u00e4t\u00f6palat (2kpl), telineen kiinnitysruuvit (10kpl) sek\u00e4 s\u00e4\u00e4t\u00f6palojen kiinnitystarvikkeet: [&hellip;]<\/p>\n","protected":false},"featured_media":14687,"comment_status":"open","ping_status":"closed","template":"","meta":[],"product_brand":[],"product_cat":[251],"product_tag":[],"class_list":{"0":"post-10262","1":"product","2":"type-product","3":"status-publish","4":"has-post-thumbnail","6":"product_cat-lisavalotelineet-ja-kiinnikkeet","8":"first","9":"instock","10":"taxable","11":"shipping-taxable","12":"purchasable","13":"product-type-simple"},"yoast_head":"<!-- This site is optimized with the Yoast SEO plugin v27.5 - https:\/\/yoast.com\/product\/yoast-seo-wordpress\/ -->\n<title>Lis\u00e4valoteline s\u00e4\u00e4dett\u00e4v\u00e4 EU -<\/title>\n<meta name=\"robots\" content=\"index, follow, max-snippet:-1, max-image-preview:large, max-video-preview:-1\" \/>\n<link rel=\"canonical\" href=\"https:\/\/www.duunauspalvelutjarvi.fi\/?product=lisavaloteline-saadettava-eu\" \/>\n<meta property=\"og:locale\" content=\"fi_FI\" \/>\n<meta property=\"og:type\" content=\"article\" \/>\n<meta property=\"og:title\" content=\"Lis\u00e4valoteline s\u00e4\u00e4dett\u00e4v\u00e4 EU -\" \/>\n<meta property=\"og:description\" content=\"S\u00e4\u00e4dett\u00e4v\u00e4 lis\u00e4valoteline\u00a0on erinomainen vaihtoehto lis\u00e4valopaneelin asennukseen. J\u00e4m\u00e4k\u00e4ss\u00e4 telineess\u00e4 mukana s\u00e4\u00e4t\u00f6palat, joilla voidaan asentaa noin 51-56,5cm mittainen paneelivalo p\u00e4\u00e4dyist\u00e4 kiinni. Telineeseen on my\u00f6s mahdollista asentaa lis\u00e4valopaneeli alapuolelta kiinni, mik\u00e4li ei k\u00e4yt\u00e4 mukana tulevia jatkopaloja. T\u00e4ll\u00f6in ulompien reikien v\u00e4linen kiinnitysv\u00e4li noin 48cm ja sisempien noin 44cm. Sis\u00e4lt\u00e4\u00e4 yhden telineen, s\u00e4\u00e4t\u00f6palat (2kpl), telineen kiinnitysruuvit (10kpl) sek\u00e4 s\u00e4\u00e4t\u00f6palojen kiinnitystarvikkeet: [&hellip;]\" \/>\n<meta property=\"og:url\" content=\"https:\/\/www.duunauspalvelutjarvi.fi\/?product=lisavaloteline-saadettava-eu\" \/>\n<meta property=\"article:modified_time\" content=\"2024-03-22T19:45:55+00:00\" \/>\n<meta property=\"og:image\" content=\"https:\/\/www.duunauspalvelutjarvi.fi\/wp-content\/uploads\/2021\/08\/LisavalotelinesaadettavaEU_8020103802_04d2cdfdbc3e565d36c6f74b0a2e9dfa_1.jpg\" \/>\n\t<meta property=\"og:image:width\" content=\"1000\" \/>\n\t<meta property=\"og:image:height\" content=\"750\" \/>\n\t<meta property=\"og:image:type\" content=\"image\/jpeg\" \/>\n<meta name=\"twitter:card\" content=\"summary_large_image\" \/>\n<meta name=\"twitter:label1\" content=\"Arvioitu lukuaika\" \/>\n\t<meta name=\"twitter:data1\" content=\"1 minuutti\" \/>\n<script type=\"application\/ld+json\" class=\"yoast-schema-graph\">{\"@context\":\"https:\\\/\\\/schema.org\",\"@graph\":[{\"@type\":\"WebPage\",\"@id\":\"https:\\\/\\\/www.duunauspalvelutjarvi.fi\\\/?product=lisavaloteline-saadettava-eu\",\"url\":\"https:\\\/\\\/www.duunauspalvelutjarvi.fi\\\/?product=lisavaloteline-saadettava-eu\",\"name\":\"Lis\u00e4valoteline s\u00e4\u00e4dett\u00e4v\u00e4 EU -\",\"isPartOf\":{\"@id\":\"https:\\\/\\\/www.duunauspalvelutjarvi.fi\\\/#website\"},\"primaryImageOfPage\":{\"@id\":\"https:\\\/\\\/www.duunauspalvelutjarvi.fi\\\/?product=lisavaloteline-saadettava-eu#primaryimage\"},\"image\":{\"@id\":\"https:\\\/\\\/www.duunauspalvelutjarvi.fi\\\/?product=lisavaloteline-saadettava-eu#primaryimage\"},\"thumbnailUrl\":\"https:\\\/\\\/www.duunauspalvelutjarvi.fi\\\/wp-content\\\/uploads\\\/2021\\\/08\\\/LisavalotelinesaadettavaEU_8020103802_04d2cdfdbc3e565d36c6f74b0a2e9dfa_1.jpg\",\"datePublished\":\"2021-08-27T12:49:32+00:00\",\"dateModified\":\"2024-03-22T19:45:55+00:00\",\"breadcrumb\":{\"@id\":\"https:\\\/\\\/www.duunauspalvelutjarvi.fi\\\/?product=lisavaloteline-saadettava-eu#breadcrumb\"},\"inLanguage\":\"fi\",\"potentialAction\":[{\"@type\":\"ReadAction\",\"target\":[\"https:\\\/\\\/www.duunauspalvelutjarvi.fi\\\/?product=lisavaloteline-saadettava-eu\"]}]},{\"@type\":\"ImageObject\",\"inLanguage\":\"fi\",\"@id\":\"https:\\\/\\\/www.duunauspalvelutjarvi.fi\\\/?product=lisavaloteline-saadettava-eu#primaryimage\",\"url\":\"https:\\\/\\\/www.duunauspalvelutjarvi.fi\\\/wp-content\\\/uploads\\\/2021\\\/08\\\/LisavalotelinesaadettavaEU_8020103802_04d2cdfdbc3e565d36c6f74b0a2e9dfa_1.jpg\",\"contentUrl\":\"https:\\\/\\\/www.duunauspalvelutjarvi.fi\\\/wp-content\\\/uploads\\\/2021\\\/08\\\/LisavalotelinesaadettavaEU_8020103802_04d2cdfdbc3e565d36c6f74b0a2e9dfa_1.jpg\",\"width\":1000,\"height\":750,\"caption\":\"OLYMPUS DIGITAL CAMERA\"},{\"@type\":\"BreadcrumbList\",\"@id\":\"https:\\\/\\\/www.duunauspalvelutjarvi.fi\\\/?product=lisavaloteline-saadettava-eu#breadcrumb\",\"itemListElement\":[{\"@type\":\"ListItem\",\"position\":1,\"name\":\"Etusivu\",\"item\":\"https:\\\/\\\/www.duunauspalvelutjarvi.fi\\\/\"},{\"@type\":\"ListItem\",\"position\":2,\"name\":\"Etusivu\",\"item\":\"https:\\\/\\\/www.duunauspalvelutjarvi.fi\\\/\"},{\"@type\":\"ListItem\",\"position\":3,\"name\":\"Lis\u00e4valoteline s\u00e4\u00e4dett\u00e4v\u00e4 EU\"}]},{\"@type\":\"WebSite\",\"@id\":\"https:\\\/\\\/www.duunauspalvelutjarvi.fi\\\/#website\",\"url\":\"https:\\\/\\\/www.duunauspalvelutjarvi.fi\\\/\",\"name\":\"\",\"description\":\"\",\"potentialAction\":[{\"@type\":\"SearchAction\",\"target\":{\"@type\":\"EntryPoint\",\"urlTemplate\":\"https:\\\/\\\/www.duunauspalvelutjarvi.fi\\\/?s={search_term_string}\"},\"query-input\":{\"@type\":\"PropertyValueSpecification\",\"valueRequired\":true,\"valueName\":\"search_term_string\"}}],\"inLanguage\":\"fi\"}]}<\/script>\n<!-- \/ Yoast SEO plugin. -->","yoast_head_json":{"title":"Lis\u00e4valoteline s\u00e4\u00e4dett\u00e4v\u00e4 EU -","robots":{"index":"index","follow":"follow","max-snippet":"max-snippet:-1","max-image-preview":"max-image-preview:large","max-video-preview":"max-video-preview:-1"},"canonical":"https:\/\/www.duunauspalvelutjarvi.fi\/?product=lisavaloteline-saadettava-eu","og_locale":"fi_FI","og_type":"article","og_title":"Lis\u00e4valoteline s\u00e4\u00e4dett\u00e4v\u00e4 EU -","og_description":"S\u00e4\u00e4dett\u00e4v\u00e4 lis\u00e4valoteline\u00a0on erinomainen vaihtoehto lis\u00e4valopaneelin asennukseen. J\u00e4m\u00e4k\u00e4ss\u00e4 telineess\u00e4 mukana s\u00e4\u00e4t\u00f6palat, joilla voidaan asentaa noin 51-56,5cm mittainen paneelivalo p\u00e4\u00e4dyist\u00e4 kiinni. Telineeseen on my\u00f6s mahdollista asentaa lis\u00e4valopaneeli alapuolelta kiinni, mik\u00e4li ei k\u00e4yt\u00e4 mukana tulevia jatkopaloja. T\u00e4ll\u00f6in ulompien reikien v\u00e4linen kiinnitysv\u00e4li noin 48cm ja sisempien noin 44cm. Sis\u00e4lt\u00e4\u00e4 yhden telineen, s\u00e4\u00e4t\u00f6palat (2kpl), telineen kiinnitysruuvit (10kpl) sek\u00e4 s\u00e4\u00e4t\u00f6palojen kiinnitystarvikkeet: [&hellip;]","og_url":"https:\/\/www.duunauspalvelutjarvi.fi\/?product=lisavaloteline-saadettava-eu","article_modified_time":"2024-03-22T19:45:55+00:00","og_image":[{"width":1000,"height":750,"url":"https:\/\/www.duunauspalvelutjarvi.fi\/wp-content\/uploads\/2021\/08\/LisavalotelinesaadettavaEU_8020103802_04d2cdfdbc3e565d36c6f74b0a2e9dfa_1.jpg","type":"image\/jpeg"}],"twitter_card":"summary_large_image","twitter_misc":{"Arvioitu lukuaika":"1 minuutti"},"schema":{"@context":"https:\/\/schema.org","@graph":[{"@type":"WebPage","@id":"https:\/\/www.duunauspalvelutjarvi.fi\/?product=lisavaloteline-saadettava-eu","url":"https:\/\/www.duunauspalvelutjarvi.fi\/?product=lisavaloteline-saadettava-eu","name":"Lis\u00e4valoteline s\u00e4\u00e4dett\u00e4v\u00e4 EU -","isPartOf":{"@id":"https:\/\/www.duunauspalvelutjarvi.fi\/#website"},"primaryImageOfPage":{"@id":"https:\/\/www.duunauspalvelutjarvi.fi\/?product=lisavaloteline-saadettava-eu#primaryimage"},"image":{"@id":"https:\/\/www.duunauspalvelutjarvi.fi\/?product=lisavaloteline-saadettava-eu#primaryimage"},"thumbnailUrl":"https:\/\/www.duunauspalvelutjarvi.fi\/wp-content\/uploads\/2021\/08\/LisavalotelinesaadettavaEU_8020103802_04d2cdfdbc3e565d36c6f74b0a2e9dfa_1.jpg","datePublished":"2021-08-27T12:49:32+00:00","dateModified":"2024-03-22T19:45:55+00:00","breadcrumb":{"@id":"https:\/\/www.duunauspalvelutjarvi.fi\/?product=lisavaloteline-saadettava-eu#breadcrumb"},"inLanguage":"fi","potentialAction":[{"@type":"ReadAction","target":["https:\/\/www.duunauspalvelutjarvi.fi\/?product=lisavaloteline-saadettava-eu"]}]},{"@type":"ImageObject","inLanguage":"fi","@id":"https:\/\/www.duunauspalvelutjarvi.fi\/?product=lisavaloteline-saadettava-eu#primaryimage","url":"https:\/\/www.duunauspalvelutjarvi.fi\/wp-content\/uploads\/2021\/08\/LisavalotelinesaadettavaEU_8020103802_04d2cdfdbc3e565d36c6f74b0a2e9dfa_1.jpg","contentUrl":"https:\/\/www.duunauspalvelutjarvi.fi\/wp-content\/uploads\/2021\/08\/LisavalotelinesaadettavaEU_8020103802_04d2cdfdbc3e565d36c6f74b0a2e9dfa_1.jpg","width":1000,"height":750,"caption":"OLYMPUS DIGITAL CAMERA"},{"@type":"BreadcrumbList","@id":"https:\/\/www.duunauspalvelutjarvi.fi\/?product=lisavaloteline-saadettava-eu#breadcrumb","itemListElement":[{"@type":"ListItem","position":1,"name":"Etusivu","item":"https:\/\/www.duunauspalvelutjarvi.fi\/"},{"@type":"ListItem","position":2,"name":"Etusivu","item":"https:\/\/www.duunauspalvelutjarvi.fi\/"},{"@type":"ListItem","position":3,"name":"Lis\u00e4valoteline s\u00e4\u00e4dett\u00e4v\u00e4 EU"}]},{"@type":"WebSite","@id":"https:\/\/www.duunauspalvelutjarvi.fi\/#website","url":"https:\/\/www.duunauspalvelutjarvi.fi\/","name":"","description":"","potentialAction":[{"@type":"SearchAction","target":{"@type":"EntryPoint","urlTemplate":"https:\/\/www.duunauspalvelutjarvi.fi\/?s={search_term_string}"},"query-input":{"@type":"PropertyValueSpecification","valueRequired":true,"valueName":"search_term_string"}}],"inLanguage":"fi"}]}},"jetpack_sharing_enabled":true,"_links":{"self":[{"href":"https:\/\/www.duunauspalvelutjarvi.fi\/index.php?rest_route=\/wp\/v2\/product\/10262","targetHints":{"allow":["GET"]}}],"collection":[{"href":"https:\/\/www.duunauspalvelutjarvi.fi\/index.php?rest_route=\/wp\/v2\/product"}],"about":[{"href":"https:\/\/www.duunauspalvelutjarvi.fi\/index.php?rest_route=\/wp\/v2\/types\/product"}],"replies":[{"embeddable":true,"href":"https:\/\/www.duunauspalvelutjarvi.fi\/index.php?rest_route=%2Fwp%2Fv2%2Fcomments&post=10262"}],"wp:featuredmedia":[{"embeddable":true,"href":"https:\/\/www.duunauspalvelutjarvi.fi\/index.php?rest_route=\/wp\/v2\/media\/14687"}],"wp:attachment":[{"href":"https:\/\/www.duunauspalvelutjarvi.fi\/index.php?rest_route=%2Fwp%2Fv2%2Fmedia&parent=10262"}],"wp:term":[{"taxonomy":"product_brand","embeddable":true,"href":"https:\/\/www.duunauspalvelutjarvi.fi\/index.php?rest_route=%2Fwp%2Fv2%2Fproduct_brand&post=10262"},{"taxonomy":"product_cat","embeddable":true,"href":"https:\/\/www.duunauspalvelutjarvi.fi\/index.php?rest_route=%2Fwp%2Fv2%2Fproduct_cat&post=10262"},{"taxonomy":"product_tag","embeddable":true,"href":"https:\/\/www.duunauspalvelutjarvi.fi\/index.php?rest_route=%2Fwp%2Fv2%2Fproduct_tag&post=10262"}],"curies":[{"name":"wp","href":"https:\/\/api.w.org\/{rel}","templated":true}]}}